{"id":39642,"date":"2024-06-03T12:55:44","date_gmt":"2024-06-03T11:55:44","guid":{"rendered":"https:\/\/alegerglobal.com\/kategorilenmemis\/vh-tpro-x2-arac-montaji\/"},"modified":"2024-06-03T12:55:47","modified_gmt":"2024-06-03T11:55:47","slug":"vh-tpro-x2-arac-montaji","status":"publish","type":"product","link":"https:\/\/alegerglobal.com\/tr\/shop-tr\/aksesuarlar\/vh-tpro-x2-arac-montaji\/","title":{"rendered":"VH TPRO X2 (ara\u00e7 montaj\u0131)"},"content":{"rendered":"\t\t<div data-elementor-type=\"product-post\" data-elementor-id=\"39642\" class=\"elementor elementor-39642 elementor-5610\" data-elementor-settings=\"{&quot;ha_cmc_init_switcher&quot;:&quot;no&quot;}\" data-elementor-post-type=\"product\">\n\t\t\t\t\t\t<section class=\"elementor-section elementor-top-section elementor-element elementor-element-283c936 elementor-section-boxed elementor-section-height-default elementor-section-height-default\" data-id=\"283c936\" data-element_type=\"section\" data-settings=\"{&quot;jet_parallax_layout_list&quot;:[],&quot;_ha_eqh_enable&quot;:false}\">\n\t\t\t\t\t\t<div class=\"elementor-container elementor-column-gap-default\">\n\t\t\t\t\t<div class=\"elementor-column elementor-col-100 elementor-top-column elementor-element elementor-element-ce2f067\" data-id=\"ce2f067\" data-element_type=\"column\">\n\t\t\t<div class=\"elementor-widget-wrap elementor-element-populated\">\n\t\t\t\t\t\t<div class=\"elementor-element elementor-element-2effe99 elementor-widget elementor-widget-text-editor\" data-id=\"2effe99\" data-element_type=\"widget\" data-widget_type=\"text-editor.default\">\n\t\t\t\t<div class=\"elementor-widget-container\">\n\t\t\t\t\t\t\t\t\t<ul class=\"list\">\n<li>Tab-Ex\u00ae Pro i\u00e7in uygundur<\/li>\n<li>D\u00fc\u011fmelere, kameraya, ekran kalemine ve ba\u011flant\u0131 noktalar\u0131na do\u011frudan eri\u015fim i\u00e7in kesikler<\/li>\n<li>Tek elle kolay kullan\u0131m:\n<ul class=\"list\">\n<li>Tableti (\u00f6nce alt taraf\u0131) \u015farj istasyonuna yukar\u0131dan yerle\u015ftirin. Tablet tutucuya oturana kadar tabletin \u00fcst k\u0131sm\u0131na bask\u0131 uygulay\u0131n<\/li>\n<li>Ba\u015fparma\u011f\u0131n\u0131zla a\u00e7ma d\u00fc\u011fmesine yukar\u0131 do\u011fru bast\u0131r\u0131n ve tableti \u00e7\u0131kar\u0131n<\/li>\n<\/ul>\n<\/li>\n<li>H\u0131rs\u0131zl\u0131\u011f\u0131 \u00f6nlemek i\u00e7in iste\u011fe ba\u011fl\u0131 kilit<\/li>\n<li>VESA 75mm delik d\u00fczeni; <a class=\"external-link-new-window\" title=\"Ge\u00e7erli pencerede dahili ba\u011flant\u0131y\u0131 a\u00e7ar\" href=\"https:\/\/www.zirkona.de\/\" target=\"_blank\" rel=\"noopener\">Zirkona<\/a> montaj sistemleri ile uyumlu<\/li>\n<li>D\u00fcz ve dikey y\u00fczeylere monte edilebilir<\/li>\n<li>Hafif tasar\u0131m: 1,1 lbs (yakla\u015f\u0131k 490 g)<\/li>\n<\/ul>\n\t\t\t\t\t\t\t\t<\/div>\n\t\t\t\t<\/div>\n\t\t\t\t\t<\/div>\n\t\t<\/div>\n\t\t\t\t\t<\/div>\n\t\t<\/section>\n\t\t\t\t<\/div>\n\t\t","protected":false},"excerpt":{"rendered":"<p>Tab-Ex\u00ae Pro ara\u00e7 montaj aparat\u0131 &#8211; \u00f6zellikle basit kullan\u0131ma \u00f6nem veren s\u00fcr\u00fcc\u00fcler i\u00e7in. Yaln\u0131zca 1,1 lbs (yakla\u015f\u0131k 490 g) a\u011f\u0131rl\u0131\u011f\u0131yla bile tabletiniz her zaman tutucuya sabitlenir ve t\u00fcm i\u015flevler \u00e7al\u0131\u015ft\u0131r\u0131labilir. Tabletiniz yuvaya s\u0131k\u0131ca sabitlenmi\u015f durumdayken kamera, ekran kalemi ve t\u00fcm ba\u011flant\u0131 noktalar\u0131 kullan\u0131labilir. Entegre bir kilit, daha fazla g\u00fcvenlik i\u00e7in tabletin \u00e7\u0131kar\u0131lmas\u0131n\u0131 \u00f6nler.<\/p>\n","protected":false},"featured_media":39643,"comment_status":"open","ping_status":"closed","template":"","meta":{"_acf_changed":false},"product_brand":[],"product_cat":[2362,2318],"product_tag":[],"class_list":{"0":"post-39642","1":"product","2":"type-product","3":"status-publish","4":"has-post-thumbnail","6":"product_cat-aksesuarlar","7":"product_cat-shop-tr","8":"pa_hersteller-ecom-tr","10":"first","11":"instock","12":"taxable","13":"shipping-taxable","14":"purchasable","15":"product-type-simple"},"acf":[],"yoast_head":"<!-- This site is optimized with the Yoast SEO Premium plugin v20.10 (Yoast SEO v24.3) - https:\/\/yoast.com\/wordpress\/plugins\/seo\/ -->\n<title>- ALEGER \u22c6 Augmented Reality<\/title>\n<meta name=\"robots\" content=\"index, follow, max-snippet:-1, max-image-preview:large, max-video-preview:-1\" \/>\n<meta property=\"og:locale\" content=\"tr_TR\" \/>\n<meta property=\"og:type\" content=\"article\" \/>\n<meta property=\"og:title\" content=\"VH TPRO X2 (ara\u00e7 montaj\u0131)\" \/>\n<meta property=\"og:description\" content=\"Tab-Ex\u00ae Pro ara\u00e7 montaj aparat\u0131 - \u00f6zellikle basit kullan\u0131ma \u00f6nem veren s\u00fcr\u00fcc\u00fcler i\u00e7in. Yaln\u0131zca 1,1 lbs (yakla\u015f\u0131k 490 g) a\u011f\u0131rl\u0131\u011f\u0131yla bile tabletiniz her zaman tutucuya sabitlenir ve t\u00fcm i\u015flevler \u00e7al\u0131\u015ft\u0131r\u0131labilir. Tabletiniz yuvaya s\u0131k\u0131ca sabitlenmi\u015f durumdayken kamera, ekran kalemi ve t\u00fcm ba\u011flant\u0131 noktalar\u0131 kullan\u0131labilir. Entegre bir kilit, daha fazla g\u00fcvenlik i\u00e7in tabletin \u00e7\u0131kar\u0131lmas\u0131n\u0131 \u00f6nler.\" \/>\n<meta property=\"og:url\" content=\"https:\/\/alegerglobal.com\/tr\/shop-tr\/aksesuarlar\/vh-tpro-x2-arac-montaji\/\" \/>\n<meta property=\"og:site_name\" content=\"ALEGER \u22c6 Augmented Reality\" \/>\n<meta property=\"article:modified_time\" content=\"2024-06-03T11:55:47+00:00\" \/>\n<meta property=\"og:image\" content=\"https:\/\/alegerglobal.com\/wp-content\/uploads\/2019\/01\/Unbenannt-11.jpg\" \/>\n\t<meta property=\"og:image:width\" content=\"800\" \/>\n\t<meta property=\"og:image:height\" content=\"800\" \/>\n\t<meta property=\"og:image:type\" content=\"image\/jpeg\" \/>\n<meta name=\"twitter:card\" content=\"summary_large_image\" \/>\n<meta name=\"twitter:label1\" content=\"Fiyat\" \/>\n\t<meta name=\"twitter:data1\" content=\"&euro;161,99\" \/>\n\t<meta name=\"twitter:label2\" content=\"Durumu\" \/>\n\t<meta name=\"twitter:data2\" content=\"Stokta var\" \/>\n<script type=\"application\/ld+json\" class=\"yoast-schema-graph\">{\"@context\":\"https:\/\/schema.org\",\"@graph\":[{\"@type\":\"WebPage\",\"@id\":\"https:\/\/alegerglobal.com\/tr\/shop-tr\/aksesuarlar\/vh-tpro-x2-arac-montaji\/\",\"url\":\"https:\/\/alegerglobal.com\/tr\/shop-tr\/aksesuarlar\/vh-tpro-x2-arac-montaji\/\",\"name\":\"- ALEGER \u22c6 Augmented Reality\",\"isPartOf\":{\"@id\":\"https:\/\/alegerglobal.com\/tr\/#website\"},\"primaryImageOfPage\":{\"@id\":\"https:\/\/alegerglobal.com\/tr\/shop-tr\/aksesuarlar\/vh-tpro-x2-arac-montaji\/#primaryimage\"},\"image\":{\"@id\":\"https:\/\/alegerglobal.com\/tr\/shop-tr\/aksesuarlar\/vh-tpro-x2-arac-montaji\/#primaryimage\"},\"thumbnailUrl\":\"https:\/\/alegerglobal.com\/wp-content\/uploads\/2019\/01\/Unbenannt-11.jpg\",\"datePublished\":\"2024-06-03T11:55:44+00:00\",\"dateModified\":\"2024-06-03T11:55:47+00:00\",\"breadcrumb\":{\"@id\":\"https:\/\/alegerglobal.com\/tr\/shop-tr\/aksesuarlar\/vh-tpro-x2-arac-montaji\/#breadcrumb\"},\"inLanguage\":\"tr\",\"potentialAction\":[{\"@type\":\"ReadAction\",\"target\":[\"https:\/\/alegerglobal.com\/tr\/shop-tr\/aksesuarlar\/vh-tpro-x2-arac-montaji\/\"]}]},{\"@type\":\"ImageObject\",\"inLanguage\":\"tr\",\"@id\":\"https:\/\/alegerglobal.com\/tr\/shop-tr\/aksesuarlar\/vh-tpro-x2-arac-montaji\/#primaryimage\",\"url\":\"https:\/\/alegerglobal.com\/wp-content\/uploads\/2019\/01\/Unbenannt-11.jpg\",\"contentUrl\":\"https:\/\/alegerglobal.com\/wp-content\/uploads\/2019\/01\/Unbenannt-11.jpg\",\"width\":800,\"height\":800},{\"@type\":\"BreadcrumbList\",\"@id\":\"https:\/\/alegerglobal.com\/tr\/shop-tr\/aksesuarlar\/vh-tpro-x2-arac-montaji\/#breadcrumb\",\"itemListElement\":[{\"@type\":\"ListItem\",\"position\":1,\"name\":\"Home\",\"item\":\"https:\/\/alegerglobal.com\/tr\/yeni-anasayfa\/\"},{\"@type\":\"ListItem\",\"position\":2,\"name\":\"\u00dcr\u00fcnler\",\"item\":\"https:\/\/alegerglobal.com\/tr\/ueruenler\/\"},{\"@type\":\"ListItem\",\"position\":3,\"name\":\"VH TPRO X2 (ara\u00e7 montaj\u0131)\"}]},{\"@type\":\"WebSite\",\"@id\":\"https:\/\/alegerglobal.com\/tr\/#website\",\"url\":\"https:\/\/alegerglobal.com\/tr\/\",\"name\":\"ALEGER \u22c6 Augmented Reality\",\"description\":\"Die besten Augmented Reality (AR) L\u00f6sungen der Welt.\",\"publisher\":{\"@id\":\"https:\/\/alegerglobal.com\/tr\/#organization\"},\"potentialAction\":[{\"@type\":\"SearchAction\",\"target\":{\"@type\":\"EntryPoint\",\"urlTemplate\":\"https:\/\/alegerglobal.com\/tr\/?s={search_term_string}\"},\"query-input\":{\"@type\":\"PropertyValueSpecification\",\"valueRequired\":true,\"valueName\":\"search_term_string\"}}],\"inLanguage\":\"tr\"},{\"@type\":\"Organization\",\"@id\":\"https:\/\/alegerglobal.com\/tr\/#organization\",\"name\":\"ALEGER \u22c6 Augmented Reality\",\"url\":\"https:\/\/alegerglobal.com\/tr\/\",\"logo\":{\"@type\":\"ImageObject\",\"inLanguage\":\"tr\",\"@id\":\"https:\/\/alegerglobal.com\/tr\/#\/schema\/logo\/image\/\",\"url\":\"https:\/\/alegerglobal.com\/wp-content\/uploads\/2020\/12\/aleger-logo-quadrat.jpg\",\"contentUrl\":\"https:\/\/alegerglobal.com\/wp-content\/uploads\/2020\/12\/aleger-logo-quadrat.jpg\",\"width\":200,\"height\":176,\"caption\":\"ALEGER \u22c6 Augmented Reality\"},\"image\":{\"@id\":\"https:\/\/alegerglobal.com\/tr\/#\/schema\/logo\/image\/\"}}]}<\/script>\n<meta property=\"product:brand\" content=\"Ecom\" \/>\n<meta property=\"product:price:amount\" content=\"161.99\" \/>\n<meta property=\"product:price:currency\" content=\"EUR\" \/>\n<meta property=\"og:availability\" content=\"instock\" \/>\n<meta property=\"product:availability\" content=\"instock\" \/>\n<meta property=\"product:condition\" content=\"new\" \/>\n<!-- \/ Yoast SEO Premium plugin. -->","yoast_head_json":{"title":"- ALEGER \u22c6 Augmented Reality","robots":{"index":"index","follow":"follow","max-snippet":"max-snippet:-1","max-image-preview":"max-image-preview:large","max-video-preview":"max-video-preview:-1"},"og_locale":"tr_TR","og_type":"article","og_title":"VH TPRO X2 (ara\u00e7 montaj\u0131)","og_description":"Tab-Ex\u00ae Pro ara\u00e7 montaj aparat\u0131 - \u00f6zellikle basit kullan\u0131ma \u00f6nem veren s\u00fcr\u00fcc\u00fcler i\u00e7in. Yaln\u0131zca 1,1 lbs (yakla\u015f\u0131k 490 g) a\u011f\u0131rl\u0131\u011f\u0131yla bile tabletiniz her zaman tutucuya sabitlenir ve t\u00fcm i\u015flevler \u00e7al\u0131\u015ft\u0131r\u0131labilir. Tabletiniz yuvaya s\u0131k\u0131ca sabitlenmi\u015f durumdayken kamera, ekran kalemi ve t\u00fcm ba\u011flant\u0131 noktalar\u0131 kullan\u0131labilir. Entegre bir kilit, daha fazla g\u00fcvenlik i\u00e7in tabletin \u00e7\u0131kar\u0131lmas\u0131n\u0131 \u00f6nler.","og_url":"https:\/\/alegerglobal.com\/tr\/shop-tr\/aksesuarlar\/vh-tpro-x2-arac-montaji\/","og_site_name":"ALEGER \u22c6 Augmented Reality","article_modified_time":"2024-06-03T11:55:47+00:00","og_image":[{"width":800,"height":800,"url":"https:\/\/alegerglobal.com\/wp-content\/uploads\/2019\/01\/Unbenannt-11.jpg","type":"image\/jpeg"}],"twitter_card":"summary_large_image","twitter_misc":{"Fiyat":"&euro;161,99","Durumu":"Stokta var"},"schema":{"@context":"https:\/\/schema.org","@graph":[{"@type":"WebPage","@id":"https:\/\/alegerglobal.com\/tr\/shop-tr\/aksesuarlar\/vh-tpro-x2-arac-montaji\/","url":"https:\/\/alegerglobal.com\/tr\/shop-tr\/aksesuarlar\/vh-tpro-x2-arac-montaji\/","name":"- ALEGER \u22c6 Augmented Reality","isPartOf":{"@id":"https:\/\/alegerglobal.com\/tr\/#website"},"primaryImageOfPage":{"@id":"https:\/\/alegerglobal.com\/tr\/shop-tr\/aksesuarlar\/vh-tpro-x2-arac-montaji\/#primaryimage"},"image":{"@id":"https:\/\/alegerglobal.com\/tr\/shop-tr\/aksesuarlar\/vh-tpro-x2-arac-montaji\/#primaryimage"},"thumbnailUrl":"https:\/\/alegerglobal.com\/wp-content\/uploads\/2019\/01\/Unbenannt-11.jpg","datePublished":"2024-06-03T11:55:44+00:00","dateModified":"2024-06-03T11:55:47+00:00","breadcrumb":{"@id":"https:\/\/alegerglobal.com\/tr\/shop-tr\/aksesuarlar\/vh-tpro-x2-arac-montaji\/#breadcrumb"},"inLanguage":"tr","potentialAction":[{"@type":"ReadAction","target":["https:\/\/alegerglobal.com\/tr\/shop-tr\/aksesuarlar\/vh-tpro-x2-arac-montaji\/"]}]},{"@type":"ImageObject","inLanguage":"tr","@id":"https:\/\/alegerglobal.com\/tr\/shop-tr\/aksesuarlar\/vh-tpro-x2-arac-montaji\/#primaryimage","url":"https:\/\/alegerglobal.com\/wp-content\/uploads\/2019\/01\/Unbenannt-11.jpg","contentUrl":"https:\/\/alegerglobal.com\/wp-content\/uploads\/2019\/01\/Unbenannt-11.jpg","width":800,"height":800},{"@type":"BreadcrumbList","@id":"https:\/\/alegerglobal.com\/tr\/shop-tr\/aksesuarlar\/vh-tpro-x2-arac-montaji\/#breadcrumb","itemListElement":[{"@type":"ListItem","position":1,"name":"Home","item":"https:\/\/alegerglobal.com\/tr\/yeni-anasayfa\/"},{"@type":"ListItem","position":2,"name":"\u00dcr\u00fcnler","item":"https:\/\/alegerglobal.com\/tr\/ueruenler\/"},{"@type":"ListItem","position":3,"name":"VH TPRO X2 (ara\u00e7 montaj\u0131)"}]},{"@type":"WebSite","@id":"https:\/\/alegerglobal.com\/tr\/#website","url":"https:\/\/alegerglobal.com\/tr\/","name":"ALEGER \u22c6 Augmented Reality","description":"Die besten Augmented Reality (AR) L\u00f6sungen der Welt.","publisher":{"@id":"https:\/\/alegerglobal.com\/tr\/#organization"},"potentialAction":[{"@type":"SearchAction","target":{"@type":"EntryPoint","urlTemplate":"https:\/\/alegerglobal.com\/tr\/?s={search_term_string}"},"query-input":{"@type":"PropertyValueSpecification","valueRequired":true,"valueName":"search_term_string"}}],"inLanguage":"tr"},{"@type":"Organization","@id":"https:\/\/alegerglobal.com\/tr\/#organization","name":"ALEGER \u22c6 Augmented Reality","url":"https:\/\/alegerglobal.com\/tr\/","logo":{"@type":"ImageObject","inLanguage":"tr","@id":"https:\/\/alegerglobal.com\/tr\/#\/schema\/logo\/image\/","url":"https:\/\/alegerglobal.com\/wp-content\/uploads\/2020\/12\/aleger-logo-quadrat.jpg","contentUrl":"https:\/\/alegerglobal.com\/wp-content\/uploads\/2020\/12\/aleger-logo-quadrat.jpg","width":200,"height":176,"caption":"ALEGER \u22c6 Augmented Reality"},"image":{"@id":"https:\/\/alegerglobal.com\/tr\/#\/schema\/logo\/image\/"}}]},"product_brand":"Ecom","product_price_amount":"161.99","product_price_currency":"EUR","og_availability":"instock","product_availability":"instock","product_condition":"new"},"_links":{"self":[{"href":"https:\/\/alegerglobal.com\/tr\/wp-json\/wp\/v2\/product\/39642","targetHints":{"allow":["GET"]}}],"collection":[{"href":"https:\/\/alegerglobal.com\/tr\/wp-json\/wp\/v2\/product"}],"about":[{"href":"https:\/\/alegerglobal.com\/tr\/wp-json\/wp\/v2\/types\/product"}],"replies":[{"embeddable":true,"href":"https:\/\/alegerglobal.com\/tr\/wp-json\/wp\/v2\/comments?post=39642"}],"version-history":[{"count":1,"href":"https:\/\/alegerglobal.com\/tr\/wp-json\/wp\/v2\/product\/39642\/revisions"}],"predecessor-version":[{"id":39644,"href":"https:\/\/alegerglobal.com\/tr\/wp-json\/wp\/v2\/product\/39642\/revisions\/39644"}],"wp:featuredmedia":[{"embeddable":true,"href":"https:\/\/alegerglobal.com\/tr\/wp-json\/wp\/v2\/media\/39643"}],"wp:attachment":[{"href":"https:\/\/alegerglobal.com\/tr\/wp-json\/wp\/v2\/media?parent=39642"}],"wp:term":[{"taxonomy":"product_brand","embeddable":true,"href":"https:\/\/alegerglobal.com\/tr\/wp-json\/wp\/v2\/product_brand?post=39642"},{"taxonomy":"product_cat","embeddable":true,"href":"https:\/\/alegerglobal.com\/tr\/wp-json\/wp\/v2\/product_cat?post=39642"},{"taxonomy":"product_tag","embeddable":true,"href":"https:\/\/alegerglobal.com\/tr\/wp-json\/wp\/v2\/product_tag?post=39642"}],"curies":[{"name":"wp","href":"https:\/\/api.w.org\/{rel}","templated":true}]}}