{"id":34186,"date":"2022-01-11T04:50:54","date_gmt":"2022-05-17T12:01:22","guid":{"rendered":"https:\/\/alegerglobal.com\/sem categoria\/vuzix-m300xl-oculos-inteligentes-campo-de-visao-de-167-graus-camara-de-10-mp-64-gb-de-memoria\/"},"modified":"2022-05-17T13:01:22","modified_gmt":"2022-05-17T12:01:22","slug":"vuzix-m300xl-2","status":"publish","type":"product","link":"https:\/\/alegerglobal.com\/pt-pt\/shop-pt-pt\/oculos-inteligentes\/vuzix-m300xl-2\/","title":{"rendered":"Vuzix M300XL, \u00f3culos inteligentes, campo de vis\u00e3o de 16,7 graus, c\u00e2mara de 10 MP, 64 GB de mem\u00f3ria"},"content":{"rendered":"","protected":false},"excerpt":{"rendered":"<ul>\n<li style=\"font-weight: 400;\"><b>Aceder confortavelmente aos dados:<\/b><span style=\"font-weight: 400;\"> 16,7 graus de campo de vis\u00e3o e opera\u00e7\u00e3o m\u00e3os-livres<\/span><\/li>\n<li style=\"font-weight: 400;\"><b>Capturar a ac\u00e7\u00e3o em qualquer altura:<\/b><span style=\"font-weight: 400;\"> C\u00e2mara de 10 MP para fotos e v\u00eddeos<\/span><\/li>\n<li style=\"font-weight: 400;\"><b>Processar e armazenar dados:<\/b><span style=\"font-weight: 400;\"> processador potente e 64 GB de mem\u00f3ria de dados<\/span><\/li>\n<li style=\"font-weight: 400;\"><b>Op\u00e7\u00f5es de liga\u00e7\u00e3o flex\u00edveis: <\/b><span style=\"font-weight: 400;\">portas USB livres para liga\u00e7\u00e3o de suportes de armazenamento externos e outros dispositivos<\/span><\/li>\n<li style=\"font-weight: 400;\"><b>Tempo de funcionamento longo:<\/b> Bateria interna com 2 horas de funcionamento e bateria externa com 6 horas de funcionamento<\/li>\n<\/ul>\n","protected":false},"featured_media":22312,"comment_status":"open","ping_status":"closed","template":"","meta":{"_acf_changed":false},"product_brand":[],"product_cat":[1187,1162],"product_tag":[],"class_list":{"0":"post-34186","1":"product","2":"type-product","3":"status-publish","4":"has-post-thumbnail","6":"product_cat-oculos-inteligentes","7":"product_cat-shop-pt-pt","8":"pa_hersteller-vuzix-pt-pt","10":"first","11":"instock","12":"taxable","13":"shipping-taxable","14":"purchasable","15":"product-type-simple"},"acf":[],"yoast_head":"<!-- This site is optimized with the Yoast SEO Premium plugin v20.10 (Yoast SEO v24.3) - https:\/\/yoast.com\/wordpress\/plugins\/seo\/ -->\n<title>Comprar aqui Vuzix M300XL Smart Glasses - ALEGER \u22c6 Augmented Reality<\/title>\n<meta name=\"description\" content=\"Longa dura\u00e7\u00e3o da bateria, amplo campo de vis\u00e3o, grande mem\u00f3ria - aqui est\u00e1 o Vuzix M300XL para aplica\u00e7\u00f5es de realidade aumentada na ind\u00fastria.\" \/>\n<meta name=\"robots\" content=\"index, follow, max-snippet:-1, max-image-preview:large, max-video-preview:-1\" \/>\n<meta property=\"og:locale\" content=\"pt_PT\" \/>\n<meta property=\"og:type\" content=\"article\" \/>\n<meta property=\"og:title\" content=\"Vuzix M300XL, \u00f3culos inteligentes, campo de vis\u00e3o de 16,7 graus, c\u00e2mara de 10 MP, 64 GB de mem\u00f3ria\" \/>\n<meta property=\"og:description\" content=\"Longa dura\u00e7\u00e3o da bateria, amplo campo de vis\u00e3o, grande mem\u00f3ria - aqui est\u00e1 o Vuzix M300XL para aplica\u00e7\u00f5es de realidade aumentada na ind\u00fastria.\" \/>\n<meta property=\"og:url\" content=\"https:\/\/alegerglobal.com\/pt-pt\/shop-pt-pt\/oculos-inteligentes\/vuzix-m300xl-2\/\" \/>\n<meta property=\"og:site_name\" content=\"ALEGER \u22c6 Augmented Reality\" \/>\n<meta property=\"og:image\" content=\"https:\/\/alegerglobal.com\/wp-content\/uploads\/2021\/01\/m3000-7.png\" \/>\n\t<meta property=\"og:image:width\" content=\"800\" \/>\n\t<meta property=\"og:image:height\" content=\"800\" \/>\n\t<meta property=\"og:image:type\" content=\"image\/png\" \/>\n<meta name=\"twitter:card\" content=\"summary_large_image\" \/>\n<meta name=\"twitter:label1\" content=\"pre\u00e7o\" \/>\n\t<meta name=\"twitter:data1\" content=\"&euro;1.580,00\" \/>\n\t<meta name=\"twitter:label2\" content=\"Disponibilidade\" \/>\n\t<meta name=\"twitter:data2\" content=\"Em stock\" \/>\n<script type=\"application\/ld+json\" class=\"yoast-schema-graph\">{\"@context\":\"https:\/\/schema.org\",\"@graph\":[{\"@type\":\"WebPage\",\"@id\":\"https:\/\/alegerglobal.com\/pt-pt\/shop-pt-pt\/oculos-inteligentes\/vuzix-m300xl-2\/\",\"url\":\"https:\/\/alegerglobal.com\/pt-pt\/shop-pt-pt\/oculos-inteligentes\/vuzix-m300xl-2\/\",\"name\":\"Comprar aqui Vuzix M300XL Smart Glasses - ALEGER \u22c6 Augmented Reality\",\"isPartOf\":{\"@id\":\"https:\/\/alegerglobal.com\/pt-pt\/#website\"},\"primaryImageOfPage\":{\"@id\":\"https:\/\/alegerglobal.com\/pt-pt\/shop-pt-pt\/oculos-inteligentes\/vuzix-m300xl-2\/#primaryimage\"},\"image\":{\"@id\":\"https:\/\/alegerglobal.com\/pt-pt\/shop-pt-pt\/oculos-inteligentes\/vuzix-m300xl-2\/#primaryimage\"},\"thumbnailUrl\":\"https:\/\/alegerglobal.com\/wp-content\/uploads\/2021\/01\/m3000-7.png\",\"datePublished\":\"2022-05-17T12:01:22+00:00\",\"dateModified\":\"2022-05-17T12:01:22+00:00\",\"description\":\"Longa dura\u00e7\u00e3o da bateria, amplo campo de vis\u00e3o, grande mem\u00f3ria - aqui est\u00e1 o Vuzix M300XL para aplica\u00e7\u00f5es de realidade aumentada na ind\u00fastria.\",\"breadcrumb\":{\"@id\":\"https:\/\/alegerglobal.com\/pt-pt\/shop-pt-pt\/oculos-inteligentes\/vuzix-m300xl-2\/#breadcrumb\"},\"inLanguage\":\"pt-PT\",\"potentialAction\":[{\"@type\":\"ReadAction\",\"target\":[\"https:\/\/alegerglobal.com\/pt-pt\/shop-pt-pt\/oculos-inteligentes\/vuzix-m300xl-2\/\"]}]},{\"@type\":\"ImageObject\",\"inLanguage\":\"pt-PT\",\"@id\":\"https:\/\/alegerglobal.com\/pt-pt\/shop-pt-pt\/oculos-inteligentes\/vuzix-m300xl-2\/#primaryimage\",\"url\":\"https:\/\/alegerglobal.com\/wp-content\/uploads\/2021\/01\/m3000-7.png\",\"contentUrl\":\"https:\/\/alegerglobal.com\/wp-content\/uploads\/2021\/01\/m3000-7.png\",\"width\":800,\"height\":800,\"caption\":\"Vuzix M300XL\"},{\"@type\":\"BreadcrumbList\",\"@id\":\"https:\/\/alegerglobal.com\/pt-pt\/shop-pt-pt\/oculos-inteligentes\/vuzix-m300xl-2\/#breadcrumb\",\"itemListElement\":[{\"@type\":\"ListItem\",\"position\":1,\"name\":\"Home\",\"item\":\"https:\/\/alegerglobal.com\/pt-pt\/novo-pagina-inicial\/\"},{\"@type\":\"ListItem\",\"position\":2,\"name\":\"Produtos\",\"item\":\"https:\/\/alegerglobal.com\/pt-pt\/produtos\/\"},{\"@type\":\"ListItem\",\"position\":3,\"name\":\"Vuzix M300XL, \u00f3culos inteligentes, campo de vis\u00e3o de 16,7 graus, c\u00e2mara de 10 MP, 64 GB de mem\u00f3ria\"}]},{\"@type\":\"WebSite\",\"@id\":\"https:\/\/alegerglobal.com\/pt-pt\/#website\",\"url\":\"https:\/\/alegerglobal.com\/pt-pt\/\",\"name\":\"ALEGER \u22c6 Augmented Reality\",\"description\":\"Die besten Augmented Reality (AR) L\u00f6sungen der Welt.\",\"publisher\":{\"@id\":\"https:\/\/alegerglobal.com\/pt-pt\/#organization\"},\"potentialAction\":[{\"@type\":\"SearchAction\",\"target\":{\"@type\":\"EntryPoint\",\"urlTemplate\":\"https:\/\/alegerglobal.com\/pt-pt\/?s={search_term_string}\"},\"query-input\":{\"@type\":\"PropertyValueSpecification\",\"valueRequired\":true,\"valueName\":\"search_term_string\"}}],\"inLanguage\":\"pt-PT\"},{\"@type\":\"Organization\",\"@id\":\"https:\/\/alegerglobal.com\/pt-pt\/#organization\",\"name\":\"ALEGER \u22c6 Augmented Reality\",\"url\":\"https:\/\/alegerglobal.com\/pt-pt\/\",\"logo\":{\"@type\":\"ImageObject\",\"inLanguage\":\"pt-PT\",\"@id\":\"https:\/\/alegerglobal.com\/pt-pt\/#\/schema\/logo\/image\/\",\"url\":\"https:\/\/alegerglobal.com\/wp-content\/uploads\/2020\/12\/aleger-logo-quadrat.jpg\",\"contentUrl\":\"https:\/\/alegerglobal.com\/wp-content\/uploads\/2020\/12\/aleger-logo-quadrat.jpg\",\"width\":200,\"height\":176,\"caption\":\"ALEGER \u22c6 Augmented Reality\"},\"image\":{\"@id\":\"https:\/\/alegerglobal.com\/pt-pt\/#\/schema\/logo\/image\/\"}}]}<\/script>\n<meta property=\"product:brand\" content=\"Vuzix\" \/>\n<meta property=\"product:price:amount\" content=\"1580.00\" \/>\n<meta property=\"product:price:currency\" content=\"EUR\" \/>\n<meta property=\"og:availability\" content=\"instock\" \/>\n<meta property=\"product:availability\" content=\"instock\" \/>\n<meta property=\"product:condition\" content=\"new\" \/>\n<!-- \/ Yoast SEO Premium plugin. -->","yoast_head_json":{"title":"Comprar aqui Vuzix M300XL Smart Glasses - ALEGER \u22c6 Augmented Reality","description":"Longa dura\u00e7\u00e3o da bateria, amplo campo de vis\u00e3o, grande mem\u00f3ria - aqui est\u00e1 o Vuzix M300XL para aplica\u00e7\u00f5es de realidade aumentada na ind\u00fastria.","robots":{"index":"index","follow":"follow","max-snippet":"max-snippet:-1","max-image-preview":"max-image-preview:large","max-video-preview":"max-video-preview:-1"},"og_locale":"pt_PT","og_type":"article","og_title":"Vuzix M300XL, \u00f3culos inteligentes, campo de vis\u00e3o de 16,7 graus, c\u00e2mara de 10 MP, 64 GB de mem\u00f3ria","og_description":"Longa dura\u00e7\u00e3o da bateria, amplo campo de vis\u00e3o, grande mem\u00f3ria - aqui est\u00e1 o Vuzix M300XL para aplica\u00e7\u00f5es de realidade aumentada na ind\u00fastria.","og_url":"https:\/\/alegerglobal.com\/pt-pt\/shop-pt-pt\/oculos-inteligentes\/vuzix-m300xl-2\/","og_site_name":"ALEGER \u22c6 Augmented Reality","og_image":[{"width":800,"height":800,"url":"https:\/\/alegerglobal.com\/wp-content\/uploads\/2021\/01\/m3000-7.png","type":"image\/png"}],"twitter_card":"summary_large_image","twitter_misc":{"pre\u00e7o":"&euro;1.580,00","Disponibilidade":"Em stock"},"schema":{"@context":"https:\/\/schema.org","@graph":[{"@type":"WebPage","@id":"https:\/\/alegerglobal.com\/pt-pt\/shop-pt-pt\/oculos-inteligentes\/vuzix-m300xl-2\/","url":"https:\/\/alegerglobal.com\/pt-pt\/shop-pt-pt\/oculos-inteligentes\/vuzix-m300xl-2\/","name":"Comprar aqui Vuzix M300XL Smart Glasses - ALEGER \u22c6 Augmented Reality","isPartOf":{"@id":"https:\/\/alegerglobal.com\/pt-pt\/#website"},"primaryImageOfPage":{"@id":"https:\/\/alegerglobal.com\/pt-pt\/shop-pt-pt\/oculos-inteligentes\/vuzix-m300xl-2\/#primaryimage"},"image":{"@id":"https:\/\/alegerglobal.com\/pt-pt\/shop-pt-pt\/oculos-inteligentes\/vuzix-m300xl-2\/#primaryimage"},"thumbnailUrl":"https:\/\/alegerglobal.com\/wp-content\/uploads\/2021\/01\/m3000-7.png","datePublished":"2022-05-17T12:01:22+00:00","dateModified":"2022-05-17T12:01:22+00:00","description":"Longa dura\u00e7\u00e3o da bateria, amplo campo de vis\u00e3o, grande mem\u00f3ria - aqui est\u00e1 o Vuzix M300XL para aplica\u00e7\u00f5es de realidade aumentada na ind\u00fastria.","breadcrumb":{"@id":"https:\/\/alegerglobal.com\/pt-pt\/shop-pt-pt\/oculos-inteligentes\/vuzix-m300xl-2\/#breadcrumb"},"inLanguage":"pt-PT","potentialAction":[{"@type":"ReadAction","target":["https:\/\/alegerglobal.com\/pt-pt\/shop-pt-pt\/oculos-inteligentes\/vuzix-m300xl-2\/"]}]},{"@type":"ImageObject","inLanguage":"pt-PT","@id":"https:\/\/alegerglobal.com\/pt-pt\/shop-pt-pt\/oculos-inteligentes\/vuzix-m300xl-2\/#primaryimage","url":"https:\/\/alegerglobal.com\/wp-content\/uploads\/2021\/01\/m3000-7.png","contentUrl":"https:\/\/alegerglobal.com\/wp-content\/uploads\/2021\/01\/m3000-7.png","width":800,"height":800,"caption":"Vuzix M300XL"},{"@type":"BreadcrumbList","@id":"https:\/\/alegerglobal.com\/pt-pt\/shop-pt-pt\/oculos-inteligentes\/vuzix-m300xl-2\/#breadcrumb","itemListElement":[{"@type":"ListItem","position":1,"name":"Home","item":"https:\/\/alegerglobal.com\/pt-pt\/novo-pagina-inicial\/"},{"@type":"ListItem","position":2,"name":"Produtos","item":"https:\/\/alegerglobal.com\/pt-pt\/produtos\/"},{"@type":"ListItem","position":3,"name":"Vuzix M300XL, \u00f3culos inteligentes, campo de vis\u00e3o de 16,7 graus, c\u00e2mara de 10 MP, 64 GB de mem\u00f3ria"}]},{"@type":"WebSite","@id":"https:\/\/alegerglobal.com\/pt-pt\/#website","url":"https:\/\/alegerglobal.com\/pt-pt\/","name":"ALEGER \u22c6 Augmented Reality","description":"Die besten Augmented Reality (AR) L\u00f6sungen der Welt.","publisher":{"@id":"https:\/\/alegerglobal.com\/pt-pt\/#organization"},"potentialAction":[{"@type":"SearchAction","target":{"@type":"EntryPoint","urlTemplate":"https:\/\/alegerglobal.com\/pt-pt\/?s={search_term_string}"},"query-input":{"@type":"PropertyValueSpecification","valueRequired":true,"valueName":"search_term_string"}}],"inLanguage":"pt-PT"},{"@type":"Organization","@id":"https:\/\/alegerglobal.com\/pt-pt\/#organization","name":"ALEGER \u22c6 Augmented Reality","url":"https:\/\/alegerglobal.com\/pt-pt\/","logo":{"@type":"ImageObject","inLanguage":"pt-PT","@id":"https:\/\/alegerglobal.com\/pt-pt\/#\/schema\/logo\/image\/","url":"https:\/\/alegerglobal.com\/wp-content\/uploads\/2020\/12\/aleger-logo-quadrat.jpg","contentUrl":"https:\/\/alegerglobal.com\/wp-content\/uploads\/2020\/12\/aleger-logo-quadrat.jpg","width":200,"height":176,"caption":"ALEGER \u22c6 Augmented Reality"},"image":{"@id":"https:\/\/alegerglobal.com\/pt-pt\/#\/schema\/logo\/image\/"}}]},"product_brand":"Vuzix","product_price_amount":"1580.00","product_price_currency":"EUR","og_availability":"instock","product_availability":"instock","product_condition":"new"},"_links":{"self":[{"href":"https:\/\/alegerglobal.com\/pt-pt\/wp-json\/wp\/v2\/product\/34186","targetHints":{"allow":["GET"]}}],"collection":[{"href":"https:\/\/alegerglobal.com\/pt-pt\/wp-json\/wp\/v2\/product"}],"about":[{"href":"https:\/\/alegerglobal.com\/pt-pt\/wp-json\/wp\/v2\/types\/product"}],"replies":[{"embeddable":true,"href":"https:\/\/alegerglobal.com\/pt-pt\/wp-json\/wp\/v2\/comments?post=34186"}],"version-history":[{"count":0,"href":"https:\/\/alegerglobal.com\/pt-pt\/wp-json\/wp\/v2\/product\/34186\/revisions"}],"wp:featuredmedia":[{"embeddable":true,"href":"https:\/\/alegerglobal.com\/pt-pt\/wp-json\/wp\/v2\/media\/22312"}],"wp:attachment":[{"href":"https:\/\/alegerglobal.com\/pt-pt\/wp-json\/wp\/v2\/media?parent=34186"}],"wp:term":[{"taxonomy":"product_brand","embeddable":true,"href":"https:\/\/alegerglobal.com\/pt-pt\/wp-json\/wp\/v2\/product_brand?post=34186"},{"taxonomy":"product_cat","embeddable":true,"href":"https:\/\/alegerglobal.com\/pt-pt\/wp-json\/wp\/v2\/product_cat?post=34186"},{"taxonomy":"product_tag","embeddable":true,"href":"https:\/\/alegerglobal.com\/pt-pt\/wp-json\/wp\/v2\/product_tag?post=34186"}],"curies":[{"name":"wp","href":"https:\/\/api.w.org\/{rel}","templated":true}]}}