{"id":33576,"date":"2021-02-03T05:28:17","date_gmt":"2022-05-17T06:41:02","guid":{"rendered":"https:\/\/alegerglobal.com\/bez-kategorii\/wozek-widlowy-z-przedluzona-oslona-gorna\/"},"modified":"2022-05-17T07:41:06","modified_gmt":"2022-05-17T06:41:06","slug":"wozek-widlowy-z-przedluzona-oslona-gorna","status":"publish","type":"product","link":"https:\/\/alegerglobal.com\/pl\/shop-pl\/akcesoria\/wozek-widlowy-z-przedluzona-oslona-gorna\/","title":{"rendered":"W\u00f3zek wid\u0142owy z przed\u0142u\u017con\u0105 os\u0142on\u0105 g\u00f3rn\u0105"},"content":{"rendered":"\t\t<div data-elementor-type=\"product-post\" data-elementor-id=\"33576\" class=\"elementor elementor-33576 elementor-3832\" data-elementor-settings=\"{&quot;ha_cmc_init_switcher&quot;:&quot;no&quot;}\" data-elementor-post-type=\"product\">\n\t\t\t\t\t\t<section class=\"elementor-section elementor-top-section elementor-element elementor-element-d2eea75 elementor-section-boxed elementor-section-height-default elementor-section-height-default\" data-id=\"d2eea75\" data-element_type=\"section\" data-settings=\"{&quot;jet_parallax_layout_list&quot;:[],&quot;_ha_eqh_enable&quot;:false}\">\n\t\t\t\t\t\t<div class=\"elementor-container elementor-column-gap-default\">\n\t\t\t\t\t<div class=\"elementor-column elementor-col-100 elementor-top-column elementor-element elementor-element-d1dce34\" data-id=\"d1dce34\" data-element_type=\"column\">\n\t\t\t<div class=\"elementor-widget-wrap elementor-element-populated\">\n\t\t\t\t\t\t<div class=\"elementor-element elementor-element-7414dee elementor-widget elementor-widget-text-editor\" data-id=\"7414dee\" data-element_type=\"widget\" data-widget_type=\"text-editor.default\">\n\t\t\t\t<div class=\"elementor-widget-container\">\n\t\t\t\t\t\t\t\t\t<p class=\"MsoNormal\"><strong>G\u0142\u00f3wne cechy<\/strong><\/p><p class=\"MsoNormal\">Mocuje si\u0119 bezpo\u015brednio do g\u00f3rnej cz\u0119\u015bci os\u0142ony g\u00f3rnej w\u00f3zka wid\u0142owego<\/p><p class=\"MsoNormal\">Uchwyt do os\u0142ony napowietrznej posiada nast\u0119puj\u0105ce uk\u0142ady otwor\u00f3w: AMPS, NEC, 75 mm VESA, Gamber Johnson 2 &#8222;x4,09&#8221;.<\/p><p class=\"MsoNormal\">Rami\u0119 si\u0119ga w d\u00f3\u0142 8,0&#8243; od g\u00f3rnej cz\u0119\u015bci os\u0142ony g\u00f3rnej<\/p><p class=\"MsoNormal\">Mo\u017cliwo\u015b\u0107 pochylania: do 90\u00b0 do przodu lub 26\u00b0 do ty\u0142u; Obracanie: Motion Attachment &#8211; 360\u00b0.<\/p><p class=\"MsoNormal\">Do u\u017cytku ze wszystkimi dokami samochodowymi TOUGHBOOK<\/p>\t\t\t\t\t\t\t\t<\/div>\n\t\t\t\t<\/div>\n\t\t\t\t\t<\/div>\n\t\t<\/div>\n\t\t\t\t\t<\/div>\n\t\t<\/section>\n\t\t\t\t<\/div>\n\t\t","protected":false},"excerpt":{"rendered":"<p>G\u0142\u00f3wne cechy Mocuje si\u0119 bezpo\u015brednio do g\u00f3rnej cz\u0119\u015bci os\u0142ony g\u00f3rnej w\u00f3zka wid\u0142owego Uchwyt do os\u0142ony napowietrznej posiada nast\u0119puj\u0105ce uk\u0142ady otwor\u00f3w: AMPS, NEC, 75 mm VESA, Gamber Johnson 2 &#8222;x4,09&#8221;. Rami\u0119 si\u0119ga w d\u00f3\u0142 8,0&#8243; od g\u00f3rnej cz\u0119\u015bci os\u0142ony g\u00f3rnej Mo\u017cliwo\u015b\u0107 pochylania: do 90\u00b0 do przodu lub 26\u00b0 do ty\u0142u; Obracanie: Motion Attachment &#8211; 360\u00b0. Do [&hellip;]<\/p>\n","protected":false},"featured_media":16082,"comment_status":"open","ping_status":"closed","template":"","meta":{"_acf_changed":false},"product_brand":[],"product_cat":[1009,983],"product_tag":[],"class_list":{"0":"post-33576","1":"product","2":"type-product","3":"status-publish","4":"has-post-thumbnail","6":"product_cat-akcesoria","7":"product_cat-shop-pl","8":"pa_hersteller-panasonic-pl","10":"first","11":"instock","12":"taxable","13":"shipping-taxable","14":"purchasable","15":"product-type-simple"},"acf":[],"yoast_head":"<!-- This site is optimized with the Yoast SEO Premium plugin v20.10 (Yoast SEO v24.3) - https:\/\/yoast.com\/wordpress\/plugins\/seo\/ -->\n<title>- ALEGER \u22c6 Augmented Reality<\/title>\n<meta name=\"robots\" content=\"index, follow, max-snippet:-1, max-image-preview:large, max-video-preview:-1\" \/>\n<meta property=\"og:locale\" content=\"pl_PL\" \/>\n<meta property=\"og:type\" content=\"article\" \/>\n<meta property=\"og:title\" content=\"W\u00f3zek wid\u0142owy z przed\u0142u\u017con\u0105 os\u0142on\u0105 g\u00f3rn\u0105\" \/>\n<meta property=\"og:description\" content=\"G\u0142\u00f3wne cechy Mocuje si\u0119 bezpo\u015brednio do g\u00f3rnej cz\u0119\u015bci os\u0142ony g\u00f3rnej w\u00f3zka wid\u0142owego Uchwyt do os\u0142ony napowietrznej posiada nast\u0119puj\u0105ce uk\u0142ady otwor\u00f3w: AMPS, NEC, 75 mm VESA, Gamber Johnson 2 &#8222;x4,09&#8221;. Rami\u0119 si\u0119ga w d\u00f3\u0142 8,0&#8243; od g\u00f3rnej cz\u0119\u015bci os\u0142ony g\u00f3rnej Mo\u017cliwo\u015b\u0107 pochylania: do 90\u00b0 do przodu lub 26\u00b0 do ty\u0142u; Obracanie: Motion Attachment &#8211; 360\u00b0. Do [&hellip;]\" \/>\n<meta property=\"og:url\" content=\"https:\/\/alegerglobal.com\/pl\/shop-pl\/akcesoria\/wozek-widlowy-z-przedluzona-oslona-gorna\/\" \/>\n<meta property=\"og:site_name\" content=\"ALEGER \u22c6 Augmented Reality\" \/>\n<meta property=\"article:modified_time\" content=\"2022-05-17T06:41:06+00:00\" \/>\n<meta property=\"og:image\" content=\"https:\/\/alegerglobal.com\/wp-content\/uploads\/2021\/02\/2021-02-03-2-1.png\" \/>\n\t<meta property=\"og:image:width\" content=\"538\" \/>\n\t<meta property=\"og:image:height\" content=\"448\" \/>\n\t<meta property=\"og:image:type\" content=\"image\/png\" \/>\n<meta name=\"twitter:card\" content=\"summary_large_image\" \/>\n<meta name=\"twitter:label1\" content=\"Cena\" \/>\n\t<meta name=\"twitter:data1\" content=\"&euro;189,99\" \/>\n\t<meta name=\"twitter:label2\" content=\"Dost\u0119pno\u015b\u0107\" \/>\n\t<meta name=\"twitter:data2\" content=\"Dost\u0119pny\" \/>\n<script type=\"application\/ld+json\" class=\"yoast-schema-graph\">{\"@context\":\"https:\/\/schema.org\",\"@graph\":[{\"@type\":\"WebPage\",\"@id\":\"https:\/\/alegerglobal.com\/pl\/shop-pl\/akcesoria\/wozek-widlowy-z-przedluzona-oslona-gorna\/\",\"url\":\"https:\/\/alegerglobal.com\/pl\/shop-pl\/akcesoria\/wozek-widlowy-z-przedluzona-oslona-gorna\/\",\"name\":\"- ALEGER \u22c6 Augmented Reality\",\"isPartOf\":{\"@id\":\"https:\/\/alegerglobal.com\/pl\/#website\"},\"primaryImageOfPage\":{\"@id\":\"https:\/\/alegerglobal.com\/pl\/shop-pl\/akcesoria\/wozek-widlowy-z-przedluzona-oslona-gorna\/#primaryimage\"},\"image\":{\"@id\":\"https:\/\/alegerglobal.com\/pl\/shop-pl\/akcesoria\/wozek-widlowy-z-przedluzona-oslona-gorna\/#primaryimage\"},\"thumbnailUrl\":\"https:\/\/alegerglobal.com\/wp-content\/uploads\/2021\/02\/2021-02-03-2-1.png\",\"datePublished\":\"2022-05-17T06:41:02+00:00\",\"dateModified\":\"2022-05-17T06:41:06+00:00\",\"breadcrumb\":{\"@id\":\"https:\/\/alegerglobal.com\/pl\/shop-pl\/akcesoria\/wozek-widlowy-z-przedluzona-oslona-gorna\/#breadcrumb\"},\"inLanguage\":\"pl-PL\",\"potentialAction\":[{\"@type\":\"ReadAction\",\"target\":[\"https:\/\/alegerglobal.com\/pl\/shop-pl\/akcesoria\/wozek-widlowy-z-przedluzona-oslona-gorna\/\"]}]},{\"@type\":\"ImageObject\",\"inLanguage\":\"pl-PL\",\"@id\":\"https:\/\/alegerglobal.com\/pl\/shop-pl\/akcesoria\/wozek-widlowy-z-przedluzona-oslona-gorna\/#primaryimage\",\"url\":\"https:\/\/alegerglobal.com\/wp-content\/uploads\/2021\/02\/2021-02-03-2-1.png\",\"contentUrl\":\"https:\/\/alegerglobal.com\/wp-content\/uploads\/2021\/02\/2021-02-03-2-1.png\",\"width\":538,\"height\":448},{\"@type\":\"BreadcrumbList\",\"@id\":\"https:\/\/alegerglobal.com\/pl\/shop-pl\/akcesoria\/wozek-widlowy-z-przedluzona-oslona-gorna\/#breadcrumb\",\"itemListElement\":[{\"@type\":\"ListItem\",\"position\":1,\"name\":\"Home\",\"item\":\"https:\/\/alegerglobal.com\/pl\/nowosc-strona-glowna\/\"},{\"@type\":\"ListItem\",\"position\":2,\"name\":\"Produkty\",\"item\":\"https:\/\/alegerglobal.com\/pl\/produkty\/\"},{\"@type\":\"ListItem\",\"position\":3,\"name\":\"W\u00f3zek wid\u0142owy z przed\u0142u\u017con\u0105 os\u0142on\u0105 g\u00f3rn\u0105\"}]},{\"@type\":\"WebSite\",\"@id\":\"https:\/\/alegerglobal.com\/pl\/#website\",\"url\":\"https:\/\/alegerglobal.com\/pl\/\",\"name\":\"ALEGER \u22c6 Augmented Reality\",\"description\":\"Die besten Augmented Reality (AR) L\u00f6sungen der Welt.\",\"publisher\":{\"@id\":\"https:\/\/alegerglobal.com\/pl\/#organization\"},\"potentialAction\":[{\"@type\":\"SearchAction\",\"target\":{\"@type\":\"EntryPoint\",\"urlTemplate\":\"https:\/\/alegerglobal.com\/pl\/?s={search_term_string}\"},\"query-input\":{\"@type\":\"PropertyValueSpecification\",\"valueRequired\":true,\"valueName\":\"search_term_string\"}}],\"inLanguage\":\"pl-PL\"},{\"@type\":\"Organization\",\"@id\":\"https:\/\/alegerglobal.com\/pl\/#organization\",\"name\":\"ALEGER \u22c6 Augmented Reality\",\"url\":\"https:\/\/alegerglobal.com\/pl\/\",\"logo\":{\"@type\":\"ImageObject\",\"inLanguage\":\"pl-PL\",\"@id\":\"https:\/\/alegerglobal.com\/pl\/#\/schema\/logo\/image\/\",\"url\":\"https:\/\/alegerglobal.com\/wp-content\/uploads\/2020\/12\/aleger-logo-quadrat.jpg\",\"contentUrl\":\"https:\/\/alegerglobal.com\/wp-content\/uploads\/2020\/12\/aleger-logo-quadrat.jpg\",\"width\":200,\"height\":176,\"caption\":\"ALEGER \u22c6 Augmented Reality\"},\"image\":{\"@id\":\"https:\/\/alegerglobal.com\/pl\/#\/schema\/logo\/image\/\"}}]}<\/script>\n<meta property=\"product:brand\" content=\"Panasonic\" \/>\n<meta property=\"product:price:amount\" content=\"189.99\" \/>\n<meta property=\"product:price:currency\" content=\"EUR\" \/>\n<meta property=\"og:availability\" content=\"instock\" \/>\n<meta property=\"product:availability\" content=\"instock\" \/>\n<meta property=\"product:condition\" content=\"new\" \/>\n<!-- \/ Yoast SEO Premium plugin. -->","yoast_head_json":{"title":"- ALEGER \u22c6 Augmented Reality","robots":{"index":"index","follow":"follow","max-snippet":"max-snippet:-1","max-image-preview":"max-image-preview:large","max-video-preview":"max-video-preview:-1"},"og_locale":"pl_PL","og_type":"article","og_title":"W\u00f3zek wid\u0142owy z przed\u0142u\u017con\u0105 os\u0142on\u0105 g\u00f3rn\u0105","og_description":"G\u0142\u00f3wne cechy Mocuje si\u0119 bezpo\u015brednio do g\u00f3rnej cz\u0119\u015bci os\u0142ony g\u00f3rnej w\u00f3zka wid\u0142owego Uchwyt do os\u0142ony napowietrznej posiada nast\u0119puj\u0105ce uk\u0142ady otwor\u00f3w: AMPS, NEC, 75 mm VESA, Gamber Johnson 2 &#8222;x4,09&#8221;. Rami\u0119 si\u0119ga w d\u00f3\u0142 8,0&#8243; od g\u00f3rnej cz\u0119\u015bci os\u0142ony g\u00f3rnej Mo\u017cliwo\u015b\u0107 pochylania: do 90\u00b0 do przodu lub 26\u00b0 do ty\u0142u; Obracanie: Motion Attachment &#8211; 360\u00b0. Do [&hellip;]","og_url":"https:\/\/alegerglobal.com\/pl\/shop-pl\/akcesoria\/wozek-widlowy-z-przedluzona-oslona-gorna\/","og_site_name":"ALEGER \u22c6 Augmented Reality","article_modified_time":"2022-05-17T06:41:06+00:00","og_image":[{"width":538,"height":448,"url":"https:\/\/alegerglobal.com\/wp-content\/uploads\/2021\/02\/2021-02-03-2-1.png","type":"image\/png"}],"twitter_card":"summary_large_image","twitter_misc":{"Cena":"&euro;189,99","Dost\u0119pno\u015b\u0107":"Dost\u0119pny"},"schema":{"@context":"https:\/\/schema.org","@graph":[{"@type":"WebPage","@id":"https:\/\/alegerglobal.com\/pl\/shop-pl\/akcesoria\/wozek-widlowy-z-przedluzona-oslona-gorna\/","url":"https:\/\/alegerglobal.com\/pl\/shop-pl\/akcesoria\/wozek-widlowy-z-przedluzona-oslona-gorna\/","name":"- ALEGER \u22c6 Augmented Reality","isPartOf":{"@id":"https:\/\/alegerglobal.com\/pl\/#website"},"primaryImageOfPage":{"@id":"https:\/\/alegerglobal.com\/pl\/shop-pl\/akcesoria\/wozek-widlowy-z-przedluzona-oslona-gorna\/#primaryimage"},"image":{"@id":"https:\/\/alegerglobal.com\/pl\/shop-pl\/akcesoria\/wozek-widlowy-z-przedluzona-oslona-gorna\/#primaryimage"},"thumbnailUrl":"https:\/\/alegerglobal.com\/wp-content\/uploads\/2021\/02\/2021-02-03-2-1.png","datePublished":"2022-05-17T06:41:02+00:00","dateModified":"2022-05-17T06:41:06+00:00","breadcrumb":{"@id":"https:\/\/alegerglobal.com\/pl\/shop-pl\/akcesoria\/wozek-widlowy-z-przedluzona-oslona-gorna\/#breadcrumb"},"inLanguage":"pl-PL","potentialAction":[{"@type":"ReadAction","target":["https:\/\/alegerglobal.com\/pl\/shop-pl\/akcesoria\/wozek-widlowy-z-przedluzona-oslona-gorna\/"]}]},{"@type":"ImageObject","inLanguage":"pl-PL","@id":"https:\/\/alegerglobal.com\/pl\/shop-pl\/akcesoria\/wozek-widlowy-z-przedluzona-oslona-gorna\/#primaryimage","url":"https:\/\/alegerglobal.com\/wp-content\/uploads\/2021\/02\/2021-02-03-2-1.png","contentUrl":"https:\/\/alegerglobal.com\/wp-content\/uploads\/2021\/02\/2021-02-03-2-1.png","width":538,"height":448},{"@type":"BreadcrumbList","@id":"https:\/\/alegerglobal.com\/pl\/shop-pl\/akcesoria\/wozek-widlowy-z-przedluzona-oslona-gorna\/#breadcrumb","itemListElement":[{"@type":"ListItem","position":1,"name":"Home","item":"https:\/\/alegerglobal.com\/pl\/nowosc-strona-glowna\/"},{"@type":"ListItem","position":2,"name":"Produkty","item":"https:\/\/alegerglobal.com\/pl\/produkty\/"},{"@type":"ListItem","position":3,"name":"W\u00f3zek wid\u0142owy z przed\u0142u\u017con\u0105 os\u0142on\u0105 g\u00f3rn\u0105"}]},{"@type":"WebSite","@id":"https:\/\/alegerglobal.com\/pl\/#website","url":"https:\/\/alegerglobal.com\/pl\/","name":"ALEGER \u22c6 Augmented Reality","description":"Die besten Augmented Reality (AR) L\u00f6sungen der Welt.","publisher":{"@id":"https:\/\/alegerglobal.com\/pl\/#organization"},"potentialAction":[{"@type":"SearchAction","target":{"@type":"EntryPoint","urlTemplate":"https:\/\/alegerglobal.com\/pl\/?s={search_term_string}"},"query-input":{"@type":"PropertyValueSpecification","valueRequired":true,"valueName":"search_term_string"}}],"inLanguage":"pl-PL"},{"@type":"Organization","@id":"https:\/\/alegerglobal.com\/pl\/#organization","name":"ALEGER \u22c6 Augmented Reality","url":"https:\/\/alegerglobal.com\/pl\/","logo":{"@type":"ImageObject","inLanguage":"pl-PL","@id":"https:\/\/alegerglobal.com\/pl\/#\/schema\/logo\/image\/","url":"https:\/\/alegerglobal.com\/wp-content\/uploads\/2020\/12\/aleger-logo-quadrat.jpg","contentUrl":"https:\/\/alegerglobal.com\/wp-content\/uploads\/2020\/12\/aleger-logo-quadrat.jpg","width":200,"height":176,"caption":"ALEGER \u22c6 Augmented Reality"},"image":{"@id":"https:\/\/alegerglobal.com\/pl\/#\/schema\/logo\/image\/"}}]},"product_brand":"Panasonic","product_price_amount":"189.99","product_price_currency":"EUR","og_availability":"instock","product_availability":"instock","product_condition":"new"},"_links":{"self":[{"href":"https:\/\/alegerglobal.com\/pl\/wp-json\/wp\/v2\/product\/33576","targetHints":{"allow":["GET"]}}],"collection":[{"href":"https:\/\/alegerglobal.com\/pl\/wp-json\/wp\/v2\/product"}],"about":[{"href":"https:\/\/alegerglobal.com\/pl\/wp-json\/wp\/v2\/types\/product"}],"replies":[{"embeddable":true,"href":"https:\/\/alegerglobal.com\/pl\/wp-json\/wp\/v2\/comments?post=33576"}],"version-history":[{"count":1,"href":"https:\/\/alegerglobal.com\/pl\/wp-json\/wp\/v2\/product\/33576\/revisions"}],"predecessor-version":[{"id":33582,"href":"https:\/\/alegerglobal.com\/pl\/wp-json\/wp\/v2\/product\/33576\/revisions\/33582"}],"wp:featuredmedia":[{"embeddable":true,"href":"https:\/\/alegerglobal.com\/pl\/wp-json\/wp\/v2\/media\/16082"}],"wp:attachment":[{"href":"https:\/\/alegerglobal.com\/pl\/wp-json\/wp\/v2\/media?parent=33576"}],"wp:term":[{"taxonomy":"product_brand","embeddable":true,"href":"https:\/\/alegerglobal.com\/pl\/wp-json\/wp\/v2\/product_brand?post=33576"},{"taxonomy":"product_cat","embeddable":true,"href":"https:\/\/alegerglobal.com\/pl\/wp-json\/wp\/v2\/product_cat?post=33576"},{"taxonomy":"product_tag","embeddable":true,"href":"https:\/\/alegerglobal.com\/pl\/wp-json\/wp\/v2\/product_tag?post=33576"}],"curies":[{"name":"wp","href":"https:\/\/api.w.org\/{rel}","templated":true}]}}