{"id":37355,"date":"2022-10-07T03:41:59","date_gmt":"2022-10-09T10:44:22","guid":{"rendered":"https:\/\/alegerglobal.com\/nezarazene\/bryle-thirdeye-x2-mr-720p-60-fps-42-fov-4-gb-ram-64-gb-uloziste-android-8-1\/"},"modified":"2022-10-09T11:44:22","modified_gmt":"2022-10-09T10:44:22","slug":"thirdeye-x2-mr-2","status":"publish","type":"product","link":"https:\/\/alegerglobal.com\/cs\/shop-cs\/chytre-bryle\/thirdeye-x2-mr-2\/","title":{"rendered":"Br\u00fdle ThirdEye X2 MR, 720p, 60 FPS, 42\u00b0 FoV, 4 GB RAM, 64 GB \u00falo\u017ei\u0161t\u011b, Android 8.1"},"content":{"rendered":"","protected":false},"excerpt":{"rendered":"<ul>\n<li style=\"font-weight: 400;\" aria-level=\"1\"><b>Modern\u00ed displej:<\/b><span style=\"font-weight: 400;\"> Displej 720p na obou o\u010d\u00edch se zorn\u00fdm polem 42 stup\u0148\u016f<\/span><\/li>\n<li style=\"font-weight: 400;\" aria-level=\"1\"><b>Komplexn\u00ed softwarov\u00fd bal\u00ed\u010dek:<\/b><span style=\"font-weight: 400;\"> Integrovan\u00e9 SDK a vlastn\u00ed App Store s v\u00edce ne\u017e 100 aplikacemi<\/span><\/li>\n<li style=\"font-weight: 400;\" aria-level=\"1\"><b>Flexibiln\u00ed ovl\u00e1d\u00e1n\u00ed:<\/b><span style=\"font-weight: 400;\"> Ovl\u00e1d\u00e1n\u00ed pomoc\u00ed \u0159e\u010di nebo gest<\/span><\/li>\n<li style=\"font-weight: 400;\" aria-level=\"1\"><b>Mobiln\u00ed telefon:<\/b><span style=\"font-weight: 400;\"> Nejmen\u0161\u00ed chytr\u00e9 br\u00fdle na trhu s celkovou hmotnost\u00ed 168 g<\/span><\/li>\n<li style=\"font-weight: 400;\" aria-level=\"1\"><b>P\u0159\u00edstupn\u00e9:<\/b><span style=\"font-weight: 400;\"> Kompatibiln\u00ed se v\u0161emi vizu\u00e1ln\u00edmi pom\u016fckami<\/span><\/li>\n<\/ul>\n","protected":false},"featured_media":37210,"comment_status":"open","ping_status":"closed","template":"","meta":{"_acf_changed":false},"product_brand":[],"product_cat":[1515,1516],"product_tag":[],"class_list":{"0":"post-37355","1":"product","2":"type-product","3":"status-publish","4":"has-post-thumbnail","6":"product_cat-chytre-bryle","7":"product_cat-shop-cs","8":"pa_hersteller-thirdeye-cs","10":"first","11":"instock","12":"taxable","13":"shipping-taxable","14":"product-type-simple"},"acf":[],"yoast_head":"<!-- This site is optimized with the Yoast SEO Premium plugin v20.10 (Yoast SEO v24.3) - https:\/\/yoast.com\/wordpress\/plugins\/seo\/ -->\n<title>Koupit chytr\u00e9 br\u00fdle ThirdEye X2 MR - ALEGER \u22c6 Augmented Reality<\/title>\n<meta name=\"description\" content=\"ThirdEye X2 Chytr\u00e9 br\u00fdle pro pr\u016fmysl \u2714 V\u00fdkonn\u00e9 \u2714 Kompaktn\u00ed \u2714 Flexibiln\u00ed d\u00edky SDK \u27a1 Kupte si Third Eye X2 MR nyn\u00ed!\" \/>\n<meta name=\"robots\" content=\"index, follow, max-snippet:-1, max-image-preview:large, max-video-preview:-1\" \/>\n<meta property=\"og:locale\" content=\"cs_CZ\" \/>\n<meta property=\"og:type\" content=\"article\" \/>\n<meta property=\"og:title\" content=\"Br\u00fdle ThirdEye X2 MR, 720p, 60 FPS, 42\u00b0 FoV, 4 GB RAM, 64 GB \u00falo\u017ei\u0161t\u011b, Android 8.1\" \/>\n<meta property=\"og:description\" content=\"ThirdEye X2 Chytr\u00e9 br\u00fdle pro pr\u016fmysl \u2714 V\u00fdkonn\u00e9 \u2714 Kompaktn\u00ed \u2714 Flexibiln\u00ed d\u00edky SDK \u27a1 Kupte si Third Eye X2 MR nyn\u00ed!\" \/>\n<meta property=\"og:url\" content=\"https:\/\/alegerglobal.com\/cs\/shop-cs\/chytre-bryle\/thirdeye-x2-mr-2\/\" \/>\n<meta property=\"og:site_name\" content=\"ALEGER \u22c6 Augmented Reality\" \/>\n<meta property=\"og:image\" content=\"https:\/\/alegerglobal.com\/wp-content\/uploads\/2022\/10\/Unbenannt.jpg\" \/>\n\t<meta property=\"og:image:width\" content=\"800\" \/>\n\t<meta property=\"og:image:height\" content=\"800\" \/>\n\t<meta property=\"og:image:type\" content=\"image\/jpeg\" \/>\n<meta name=\"twitter:card\" content=\"summary_large_image\" \/>\n<meta name=\"twitter:label1\" content=\"Cena\" \/>\n\t<meta name=\"twitter:data1\" content=\"\" \/>\n\t<meta name=\"twitter:label2\" content=\"Dostupnost\" \/>\n\t<meta name=\"twitter:data2\" content=\"Skladem\" \/>\n<script type=\"application\/ld+json\" class=\"yoast-schema-graph\">{\"@context\":\"https:\/\/schema.org\",\"@graph\":[{\"@type\":\"WebPage\",\"@id\":\"https:\/\/alegerglobal.com\/cs\/shop-cs\/chytre-bryle\/thirdeye-x2-mr-2\/\",\"url\":\"https:\/\/alegerglobal.com\/cs\/shop-cs\/chytre-bryle\/thirdeye-x2-mr-2\/\",\"name\":\"Koupit chytr\u00e9 br\u00fdle ThirdEye X2 MR - ALEGER \u22c6 Augmented Reality\",\"isPartOf\":{\"@id\":\"https:\/\/alegerglobal.com\/cs\/#website\"},\"primaryImageOfPage\":{\"@id\":\"https:\/\/alegerglobal.com\/cs\/shop-cs\/chytre-bryle\/thirdeye-x2-mr-2\/#primaryimage\"},\"image\":{\"@id\":\"https:\/\/alegerglobal.com\/cs\/shop-cs\/chytre-bryle\/thirdeye-x2-mr-2\/#primaryimage\"},\"thumbnailUrl\":\"https:\/\/alegerglobal.com\/wp-content\/uploads\/2022\/10\/Unbenannt.jpg\",\"datePublished\":\"2022-10-09T10:44:22+00:00\",\"dateModified\":\"2022-10-09T10:44:22+00:00\",\"description\":\"ThirdEye X2 Chytr\u00e9 br\u00fdle pro pr\u016fmysl \u2714 V\u00fdkonn\u00e9 \u2714 Kompaktn\u00ed \u2714 Flexibiln\u00ed d\u00edky SDK \u27a1 Kupte si Third Eye X2 MR nyn\u00ed!\",\"breadcrumb\":{\"@id\":\"https:\/\/alegerglobal.com\/cs\/shop-cs\/chytre-bryle\/thirdeye-x2-mr-2\/#breadcrumb\"},\"inLanguage\":\"cs\",\"potentialAction\":[{\"@type\":\"ReadAction\",\"target\":[\"https:\/\/alegerglobal.com\/cs\/shop-cs\/chytre-bryle\/thirdeye-x2-mr-2\/\"]}]},{\"@type\":\"ImageObject\",\"inLanguage\":\"cs\",\"@id\":\"https:\/\/alegerglobal.com\/cs\/shop-cs\/chytre-bryle\/thirdeye-x2-mr-2\/#primaryimage\",\"url\":\"https:\/\/alegerglobal.com\/wp-content\/uploads\/2022\/10\/Unbenannt.jpg\",\"contentUrl\":\"https:\/\/alegerglobal.com\/wp-content\/uploads\/2022\/10\/Unbenannt.jpg\",\"width\":800,\"height\":800},{\"@type\":\"BreadcrumbList\",\"@id\":\"https:\/\/alegerglobal.com\/cs\/shop-cs\/chytre-bryle\/thirdeye-x2-mr-2\/#breadcrumb\",\"itemListElement\":[{\"@type\":\"ListItem\",\"position\":1,\"name\":\"Home\",\"item\":\"https:\/\/alegerglobal.com\/cs\/novinka-domovska-stranka\/\"},{\"@type\":\"ListItem\",\"position\":2,\"name\":\"Produkty\",\"item\":\"https:\/\/alegerglobal.com\/cs\/produkty\/\"},{\"@type\":\"ListItem\",\"position\":3,\"name\":\"Br\u00fdle ThirdEye X2 MR, 720p, 60 FPS, 42\u00b0 FoV, 4 GB RAM, 64 GB \u00falo\u017ei\u0161t\u011b, Android 8.1\"}]},{\"@type\":\"WebSite\",\"@id\":\"https:\/\/alegerglobal.com\/cs\/#website\",\"url\":\"https:\/\/alegerglobal.com\/cs\/\",\"name\":\"ALEGER \u22c6 Augmented Reality\",\"description\":\"Die besten Augmented Reality (AR) L\u00f6sungen der Welt.\",\"publisher\":{\"@id\":\"https:\/\/alegerglobal.com\/cs\/#organization\"},\"potentialAction\":[{\"@type\":\"SearchAction\",\"target\":{\"@type\":\"EntryPoint\",\"urlTemplate\":\"https:\/\/alegerglobal.com\/cs\/?s={search_term_string}\"},\"query-input\":{\"@type\":\"PropertyValueSpecification\",\"valueRequired\":true,\"valueName\":\"search_term_string\"}}],\"inLanguage\":\"cs\"},{\"@type\":\"Organization\",\"@id\":\"https:\/\/alegerglobal.com\/cs\/#organization\",\"name\":\"ALEGER \u22c6 Augmented Reality\",\"url\":\"https:\/\/alegerglobal.com\/cs\/\",\"logo\":{\"@type\":\"ImageObject\",\"inLanguage\":\"cs\",\"@id\":\"https:\/\/alegerglobal.com\/cs\/#\/schema\/logo\/image\/\",\"url\":\"https:\/\/alegerglobal.com\/wp-content\/uploads\/2020\/12\/aleger-logo-quadrat.jpg\",\"contentUrl\":\"https:\/\/alegerglobal.com\/wp-content\/uploads\/2020\/12\/aleger-logo-quadrat.jpg\",\"width\":200,\"height\":176,\"caption\":\"ALEGER \u22c6 Augmented Reality\"},\"image\":{\"@id\":\"https:\/\/alegerglobal.com\/cs\/#\/schema\/logo\/image\/\"}}]}<\/script>\n<meta property=\"product:brand\" content=\"ThirdEye\" \/>\n<meta property=\"product:price:amount\" content=\"0.00\" \/>\n<meta property=\"product:price:currency\" content=\"EUR\" \/>\n<meta property=\"og:availability\" content=\"instock\" \/>\n<meta property=\"product:availability\" content=\"instock\" \/>\n<meta property=\"product:condition\" content=\"new\" \/>\n<!-- \/ Yoast SEO Premium plugin. -->","yoast_head_json":{"title":"Koupit chytr\u00e9 br\u00fdle ThirdEye X2 MR - ALEGER \u22c6 Augmented Reality","description":"ThirdEye X2 Chytr\u00e9 br\u00fdle pro pr\u016fmysl \u2714 V\u00fdkonn\u00e9 \u2714 Kompaktn\u00ed \u2714 Flexibiln\u00ed d\u00edky SDK \u27a1 Kupte si Third Eye X2 MR nyn\u00ed!","robots":{"index":"index","follow":"follow","max-snippet":"max-snippet:-1","max-image-preview":"max-image-preview:large","max-video-preview":"max-video-preview:-1"},"og_locale":"cs_CZ","og_type":"article","og_title":"Br\u00fdle ThirdEye X2 MR, 720p, 60 FPS, 42\u00b0 FoV, 4 GB RAM, 64 GB \u00falo\u017ei\u0161t\u011b, Android 8.1","og_description":"ThirdEye X2 Chytr\u00e9 br\u00fdle pro pr\u016fmysl \u2714 V\u00fdkonn\u00e9 \u2714 Kompaktn\u00ed \u2714 Flexibiln\u00ed d\u00edky SDK \u27a1 Kupte si Third Eye X2 MR nyn\u00ed!","og_url":"https:\/\/alegerglobal.com\/cs\/shop-cs\/chytre-bryle\/thirdeye-x2-mr-2\/","og_site_name":"ALEGER \u22c6 Augmented Reality","og_image":[{"width":800,"height":800,"url":"https:\/\/alegerglobal.com\/wp-content\/uploads\/2022\/10\/Unbenannt.jpg","type":"image\/jpeg"}],"twitter_card":"summary_large_image","twitter_misc":{"Cena":"","Dostupnost":"Skladem"},"schema":{"@context":"https:\/\/schema.org","@graph":[{"@type":"WebPage","@id":"https:\/\/alegerglobal.com\/cs\/shop-cs\/chytre-bryle\/thirdeye-x2-mr-2\/","url":"https:\/\/alegerglobal.com\/cs\/shop-cs\/chytre-bryle\/thirdeye-x2-mr-2\/","name":"Koupit chytr\u00e9 br\u00fdle ThirdEye X2 MR - ALEGER \u22c6 Augmented Reality","isPartOf":{"@id":"https:\/\/alegerglobal.com\/cs\/#website"},"primaryImageOfPage":{"@id":"https:\/\/alegerglobal.com\/cs\/shop-cs\/chytre-bryle\/thirdeye-x2-mr-2\/#primaryimage"},"image":{"@id":"https:\/\/alegerglobal.com\/cs\/shop-cs\/chytre-bryle\/thirdeye-x2-mr-2\/#primaryimage"},"thumbnailUrl":"https:\/\/alegerglobal.com\/wp-content\/uploads\/2022\/10\/Unbenannt.jpg","datePublished":"2022-10-09T10:44:22+00:00","dateModified":"2022-10-09T10:44:22+00:00","description":"ThirdEye X2 Chytr\u00e9 br\u00fdle pro pr\u016fmysl \u2714 V\u00fdkonn\u00e9 \u2714 Kompaktn\u00ed \u2714 Flexibiln\u00ed d\u00edky SDK \u27a1 Kupte si Third Eye X2 MR nyn\u00ed!","breadcrumb":{"@id":"https:\/\/alegerglobal.com\/cs\/shop-cs\/chytre-bryle\/thirdeye-x2-mr-2\/#breadcrumb"},"inLanguage":"cs","potentialAction":[{"@type":"ReadAction","target":["https:\/\/alegerglobal.com\/cs\/shop-cs\/chytre-bryle\/thirdeye-x2-mr-2\/"]}]},{"@type":"ImageObject","inLanguage":"cs","@id":"https:\/\/alegerglobal.com\/cs\/shop-cs\/chytre-bryle\/thirdeye-x2-mr-2\/#primaryimage","url":"https:\/\/alegerglobal.com\/wp-content\/uploads\/2022\/10\/Unbenannt.jpg","contentUrl":"https:\/\/alegerglobal.com\/wp-content\/uploads\/2022\/10\/Unbenannt.jpg","width":800,"height":800},{"@type":"BreadcrumbList","@id":"https:\/\/alegerglobal.com\/cs\/shop-cs\/chytre-bryle\/thirdeye-x2-mr-2\/#breadcrumb","itemListElement":[{"@type":"ListItem","position":1,"name":"Home","item":"https:\/\/alegerglobal.com\/cs\/novinka-domovska-stranka\/"},{"@type":"ListItem","position":2,"name":"Produkty","item":"https:\/\/alegerglobal.com\/cs\/produkty\/"},{"@type":"ListItem","position":3,"name":"Br\u00fdle ThirdEye X2 MR, 720p, 60 FPS, 42\u00b0 FoV, 4 GB RAM, 64 GB \u00falo\u017ei\u0161t\u011b, Android 8.1"}]},{"@type":"WebSite","@id":"https:\/\/alegerglobal.com\/cs\/#website","url":"https:\/\/alegerglobal.com\/cs\/","name":"ALEGER \u22c6 Augmented Reality","description":"Die besten Augmented Reality (AR) L\u00f6sungen der Welt.","publisher":{"@id":"https:\/\/alegerglobal.com\/cs\/#organization"},"potentialAction":[{"@type":"SearchAction","target":{"@type":"EntryPoint","urlTemplate":"https:\/\/alegerglobal.com\/cs\/?s={search_term_string}"},"query-input":{"@type":"PropertyValueSpecification","valueRequired":true,"valueName":"search_term_string"}}],"inLanguage":"cs"},{"@type":"Organization","@id":"https:\/\/alegerglobal.com\/cs\/#organization","name":"ALEGER \u22c6 Augmented Reality","url":"https:\/\/alegerglobal.com\/cs\/","logo":{"@type":"ImageObject","inLanguage":"cs","@id":"https:\/\/alegerglobal.com\/cs\/#\/schema\/logo\/image\/","url":"https:\/\/alegerglobal.com\/wp-content\/uploads\/2020\/12\/aleger-logo-quadrat.jpg","contentUrl":"https:\/\/alegerglobal.com\/wp-content\/uploads\/2020\/12\/aleger-logo-quadrat.jpg","width":200,"height":176,"caption":"ALEGER \u22c6 Augmented Reality"},"image":{"@id":"https:\/\/alegerglobal.com\/cs\/#\/schema\/logo\/image\/"}}]},"product_brand":"ThirdEye","product_price_amount":"0.00","product_price_currency":"EUR","og_availability":"instock","product_availability":"instock","product_condition":"new"},"_links":{"self":[{"href":"https:\/\/alegerglobal.com\/cs\/wp-json\/wp\/v2\/product\/37355","targetHints":{"allow":["GET"]}}],"collection":[{"href":"https:\/\/alegerglobal.com\/cs\/wp-json\/wp\/v2\/product"}],"about":[{"href":"https:\/\/alegerglobal.com\/cs\/wp-json\/wp\/v2\/types\/product"}],"replies":[{"embeddable":true,"href":"https:\/\/alegerglobal.com\/cs\/wp-json\/wp\/v2\/comments?post=37355"}],"version-history":[{"count":0,"href":"https:\/\/alegerglobal.com\/cs\/wp-json\/wp\/v2\/product\/37355\/revisions"}],"wp:featuredmedia":[{"embeddable":true,"href":"https:\/\/alegerglobal.com\/cs\/wp-json\/wp\/v2\/media\/37210"}],"wp:attachment":[{"href":"https:\/\/alegerglobal.com\/cs\/wp-json\/wp\/v2\/media?parent=37355"}],"wp:term":[{"taxonomy":"product_brand","embeddable":true,"href":"https:\/\/alegerglobal.com\/cs\/wp-json\/wp\/v2\/product_brand?post=37355"},{"taxonomy":"product_cat","embeddable":true,"href":"https:\/\/alegerglobal.com\/cs\/wp-json\/wp\/v2\/product_cat?post=37355"},{"taxonomy":"product_tag","embeddable":true,"href":"https:\/\/alegerglobal.com\/cs\/wp-json\/wp\/v2\/product_tag?post=37355"}],"curies":[{"name":"wp","href":"https:\/\/api.w.org\/{rel}","templated":true}]}}